{"id":301,"date":"2025-12-13T22:33:54","date_gmt":"2025-12-13T22:33:54","guid":{"rendered":"https:\/\/msknmatematykow.put.poznan.pl\/?page_id=301"},"modified":"2025-12-14T13:51:45","modified_gmt":"2025-12-14T13:51:45","slug":"home","status":"publish","type":"page","link":"https:\/\/msknmatematykow.put.poznan.pl\/","title":{"rendered":"Home"},"content":{"rendered":"\n\n\n<main class=\"wp-block-group is-layout-flow wp-container-core-group-is-layout-bb62f62d wp-block-group-is-layout-flow\" style=\"margin-top:0\">\n<div class=\"wp-block-group alignfull has-global-padding is-layout-constrained wp-container-core-group-is-layout-c78a72aa wp-block-group-is-layout-constrained\" style=\"border-radius:0px;padding-top:11vh;padding-right:var(--wp--preset--spacing--50);padding-bottom:11vh;padding-left:var(--wp--preset--spacing--50)\">\n<div class=\"wp-block-group has-medium-font-size has-global-padding is-layout-constrained wp-container-core-group-is-layout-5ee355ae wp-block-group-is-layout-constrained\" style=\"padding-top:0;padding-bottom:0\">\n<h1 class=\"wp-block-heading has-text-align-center is-style-default has-x-large-font-size\">Mi\u0119dzywydzia\u0142owe Ko\u0142o Naukowe Matematyk\u00f3w Politechniki Pozna\u0144skiej<\/h1>\n\n\n\n<div style=\"height:1.25rem\" aria-hidden=\"true\" class=\"wp-block-spacer\"><\/div>\n\n\n\n<p class=\"has-text-align-center\"><strong>Do\u0142\u0105cz do nas<\/strong> \u2014 je\u015bli lubisz my\u015ble\u0107 nieszablonowo i nie boisz si\u0119 zera dzielonego przez entuzjazm!<\/p>\n\n\n\n<div style=\"height:1.25rem\" aria-hidden=\"true\" class=\"wp-block-spacer\"><\/div>\n\n\n\n<div class=\"wp-block-buttons is-content-justification-center is-layout-flex wp-container-core-buttons-is-layout-a89b3969 wp-block-buttons-is-layout-flex\">\n<div class=\"wp-block-button is-style-fill\"><a class=\"wp-block-button__link has-contrast-color has-base-background-color has-text-color has-background has-link-color has-border-color has-urbanist-font-family has-custom-font-size wp-element-button\" href=\"#terminarz\" style=\"border-color:#2d2d2d;border-width:3px;border-radius:10px;padding-top:10px;padding-right:18px;padding-bottom:10px;padding-left:18px;font-size:clamp(14px, 0.875rem + ((1vw - 3.2px) * 0.208), 16px);\"><strong>Sprawd\u017a Terminarz Wyk\u0142ad\u00f3w<\/strong><\/a><\/div>\n<\/div>\n<\/div>\n\n\n\n<figure class=\"wp-block-image alignwide size-full is-style-rounded is-style-rounded--1\" style=\"margin-top:var(--wp--preset--spacing--10);margin-bottom:var(--wp--preset--spacing--10)\"><img loading=\"lazy\" decoding=\"async\" width=\"960\" height=\"639\" src=\"https:\/\/kolomatematykow.wordpress.com\/wp-content\/uploads\/2025\/10\/baner.jpg\" alt=\"\" class=\"wp-image-16\" srcset=\"https:\/\/msknmatematykow.put.poznan.pl\/wp-content\/uploads\/2025\/10\/baner.jpg 960w, https:\/\/msknmatematykow.put.poznan.pl\/wp-content\/uploads\/2025\/10\/baner-300x200.jpg 300w, https:\/\/msknmatematykow.put.poznan.pl\/wp-content\/uploads\/2025\/10\/baner-768x511.jpg 768w\" sizes=\"auto, (max-width: 960px) 100vw, 960px\" \/><\/figure>\n<\/div>\n\n\n\n<div class=\"wp-block-group alignfull has-base-2-background-color has-background has-global-padding is-layout-constrained wp-container-core-group-is-layout-3ce3e22f wp-block-group-is-layout-constrained\" style=\"margin-top:0;margin-bottom:0;padding-top:0;padding-right:var(--wp--preset--spacing--30);padding-bottom:var(--wp--preset--spacing--50);padding-left:var(--wp--preset--spacing--30)\">\n<div class=\"wp-block-group is-vertical is-content-justification-center is-layout-flex wp-container-core-group-is-layout-746b1902 wp-block-group-is-layout-flex\" style=\"margin-top:0;margin-bottom:0;padding-top:var(--wp--preset--spacing--10);padding-bottom:var(--wp--preset--spacing--10)\">\n<div style=\"height:10px\" aria-hidden=\"true\" class=\"wp-block-spacer wp-container-content-728072c3\"><\/div>\n\n\n\n<h2 class=\"wp-block-heading has-text-align-center is-style-asterisk\">O naszym kole<\/h2>\n\n\n\n<div style=\"height:0px\" aria-hidden=\"true\" class=\"wp-block-spacer wp-container-content-4f2ccadb\"><\/div>\n\n\n\n<p class=\"has-text-align-center\">W Kole Naukowym Matematyk\u00f3w tworzymy przestrze\u0144 dla os\u00f3b, kt\u00f3re chc\u0105 zrozumie\u0107 wi\u0119cej ni\u017c to, co wida\u0107 w notatkach z wyk\u0142ad\u00f3w.<br>Spotykamy si\u0119, by dyskutowa\u0107, odkrywa\u0107 i popularyzowa\u0107 matematyk\u0119 \u2014 od \ud835\udfb9 po topologi\u0119.<\/p>\n\n\n\n<div style=\"height:0px\" aria-hidden=\"true\" class=\"wp-block-spacer wp-container-content-4f2ccadb\"><\/div>\n\n\n\n<p class=\"has-text-align-center\">Organizujemy wyk\u0142ady, konkursy i warsztaty prowadzone przez student\u00f3w, doktorant\u00f3w i zaproszonych go\u015bci.<\/p>\n\n\n\n<div style=\"height:0px\" aria-hidden=\"true\" class=\"wp-block-spacer wp-container-content-4f2ccadb\"><\/div>\n\n\n\n<p class=\"has-text-align-center\">Naszym celem jest dzielenie si\u0119 pasj\u0105 do matematyki i inspirowanie do zadawania trudnych pyta\u0144.<\/p>\n<\/div>\n\n\n\n<div style=\"height:100px\" aria-hidden=\"true\" class=\"wp-block-spacer\"><\/div>\n<\/div>\n\n\n\n<div id=\"terminarz\" class=\"wp-block-group has-background is-layout-flow wp-block-group-is-layout-flow\" style=\"background-color:#dfdfdf\">\n<div style=\"height:1.25rem\" aria-hidden=\"true\" class=\"wp-block-spacer\"><\/div>\n\n\n\n<h2 class=\"wp-block-heading has-text-align-center is-style-asterisk\">Terminarz wyk\u0142ad\u00f3w<\/h2>\n\n\n\n<div style=\"height:1.25rem\" aria-hidden=\"true\" class=\"wp-block-spacer\"><\/div>\n\n\n\n<div class=\"wp-block-group is-layout-flow wp-block-group-is-layout-flow\" style=\"padding-right:var(--wp--preset--spacing--10);padding-left:var(--wp--preset--spacing--10)\">\n<div class=\"wp-block-query is-layout-flow wp-block-query-is-layout-flow\"><ul style=\"border-radius:0px;border-style:none;border-width:0px;\" class=\"columns-3 wp-block-post-template has-small-font-size is-layout-grid wp-container-core-post-template-is-layout-19f88024 wp-block-post-template-is-layout-grid\"><li class=\"wp-block-post post-276 post type-post status-publish format-standard hentry category-wyklady\">\n\n<div class=\"wp-block-group has-border-color has-contrast-3-border-color has-accent-background-color has-background has-small-font-size is-layout-flow wp-container-core-group-is-layout-8ff7a45b wp-block-group-is-layout-flow\" style=\"border-width:4px;border-radius:10px;min-height:22.6rem;padding-top:var(--wp--preset--spacing--10);padding-right:var(--wp--preset--spacing--10);padding-bottom:var(--wp--preset--spacing--10);padding-left:var(--wp--preset--spacing--10)\"><h3 style=\"font-style:normal;font-weight:600; margin-top:var(--wp--preset--spacing--10);margin-bottom:var(--wp--preset--spacing--10);\" class=\"wp-block-post-title\">Zagadnienie brzegowe<\/h3>\n\n<div style=\"font-size:clamp(0.875rem, 0.875rem + ((1vw - 0.2rem) * 0.208), 1rem); border-radius:0px;border-style:none;border-width:0px;\" class=\"entry-content wp-block-post-content is-layout-flow wp-container-core-post-content-is-layout-9b635ac4 wp-block-post-content-is-layout-flow\">\n<div class=\"wp-block-columns is-layout-flex wp-container-core-columns-is-layout-28f84493 wp-block-columns-is-layout-flex\">\n<div class=\"wp-block-column is-layout-flow wp-block-column-is-layout-flow\">\n<p class=\"has-text-align-center\" style=\"padding-top:var(--wp--preset--spacing--10);padding-bottom:var(--wp--preset--spacing--10)\"><em>Analiza zagadnienia brzegowego z wykorzystaniem metody element\u00f3w sko\u0144czonych<\/em>.<\/p>\n\n\n\n<p class=\"has-urbanist-font-family\"><strong>Prowadz\u0105cy: <\/strong>dr in\u017c. Robert Salamon<br><strong>Sala:<\/strong> 742, budynek A3<br><strong>Data:<\/strong> 4 listopada 2025, godz. 16:50<\/p>\n\n\n\n<div class=\"wp-block-file alignright\" style=\"border-style:none;border-width:0px;border-radius:0px;padding-top:var(--wp--preset--spacing--10);padding-bottom:var(--wp--preset--spacing--10)\"><a href=\"https:\/\/kolomatematykow.wordpress.com\/wp-content\/uploads\/2025\/10\/proste_mes.pdf\" class=\"wp-block-file__button wp-element-button\" download>Zobacz notatk\u0119<\/a><\/div>\n<\/div>\n<\/div>\n\n\n\n<p><\/p>\n<\/div><\/div>\n\n<\/li><li class=\"wp-block-post post-274 post type-post status-publish format-standard hentry category-wyklady\">\n\n<div class=\"wp-block-group has-border-color has-contrast-3-border-color has-accent-background-color has-background has-small-font-size is-layout-flow wp-container-core-group-is-layout-8ff7a45b wp-block-group-is-layout-flow\" style=\"border-width:4px;border-radius:10px;min-height:22.6rem;padding-top:var(--wp--preset--spacing--10);padding-right:var(--wp--preset--spacing--10);padding-bottom:var(--wp--preset--spacing--10);padding-left:var(--wp--preset--spacing--10)\"><h3 style=\"font-style:normal;font-weight:600; margin-top:var(--wp--preset--spacing--10);margin-bottom:var(--wp--preset--spacing--10);\" class=\"wp-block-post-title\">Interferencja fal<\/h3>\n\n<div style=\"font-size:clamp(0.875rem, 0.875rem + ((1vw - 0.2rem) * 0.208), 1rem); border-radius:0px;border-style:none;border-width:0px;\" class=\"entry-content wp-block-post-content is-layout-flow wp-container-core-post-content-is-layout-9b635ac4 wp-block-post-content-is-layout-flow\">\n<div class=\"wp-block-columns is-layout-flex wp-container-core-columns-is-layout-28f84493 wp-block-columns-is-layout-flex\">\n<div class=\"wp-block-column is-layout-flow wp-block-column-is-layout-flow\">\n<p class=\"has-text-align-center\" style=\"padding-top:var(--wp--preset--spacing--10);padding-bottom:var(--wp--preset--spacing--10)\"><em>Obliczanie (lub oszacowanie) amplitudy fali powsta\u0142ej w wyniku na\u0142o\u017cenia si\u0119 dw\u00f3ch fal opisanych r\u00f3wnaniami <strong>sin(ax) oraz sin(bx)<\/strong><\/em>.<\/p>\n\n\n\n<p class=\"has-urbanist-font-family\"><strong>Prowadz\u0105cy: <\/strong>dr hab. Grzegorz Oleksik <br><strong>Sala: <\/strong>742, budynek A3<br><strong>Data:<\/strong> 19 listopada 2025<\/p>\n\n\n\n<div class=\"wp-block-buttons is-content-justification-right is-layout-flex wp-container-core-buttons-is-layout-73554213 wp-block-buttons-is-layout-flex\" style=\"padding-top:var(--wp--preset--spacing--10);padding-bottom:var(--wp--preset--spacing--10)\">\n<div class=\"wp-block-button\"><a class=\"wp-block-button__link wp-element-button\">Notatka wkr\u00f3tce<\/a><\/div>\n<\/div>\n<\/div>\n<\/div>\n<\/div><\/div>\n\n<\/li><li class=\"wp-block-post post-272 post type-post status-publish format-standard hentry category-wyklady\">\n\n<div class=\"wp-block-group has-border-color has-contrast-3-border-color has-accent-background-color has-background has-small-font-size is-layout-flow wp-container-core-group-is-layout-8ff7a45b wp-block-group-is-layout-flow\" style=\"border-width:4px;border-radius:10px;min-height:22.6rem;padding-top:var(--wp--preset--spacing--10);padding-right:var(--wp--preset--spacing--10);padding-bottom:var(--wp--preset--spacing--10);padding-left:var(--wp--preset--spacing--10)\"><h3 style=\"font-style:normal;font-weight:600; margin-top:var(--wp--preset--spacing--10);margin-bottom:var(--wp--preset--spacing--10);\" class=\"wp-block-post-title\">Liczby konstruowalne<\/h3>\n\n<div style=\"font-size:clamp(0.875rem, 0.875rem + ((1vw - 0.2rem) * 0.208), 1rem); border-radius:0px;border-style:none;border-width:0px;\" class=\"entry-content wp-block-post-content is-layout-flow wp-container-core-post-content-is-layout-9b635ac4 wp-block-post-content-is-layout-flow\">\n<div class=\"wp-block-columns is-layout-flex wp-container-core-columns-is-layout-28f84493 wp-block-columns-is-layout-flex\">\n<div class=\"wp-block-column is-layout-flow wp-block-column-is-layout-flow\">\n<p class=\"has-text-align-center\" style=\"padding-top:var(--wp--preset--spacing--10);padding-bottom:var(--wp--preset--spacing--10)\"><em><strong>Liczby konstruowalne<\/strong> to takie liczby rzeczywiste, kt\u00f3re mo\u017cna otrzyma\u0107, <strong>konstruuj\u0105c je za pomoc\u0105 cyrkla i linijki<\/strong> (czyli klasycznych narz\u0119dzi geometrycznych).<\/em><\/p>\n\n\n\n<p class=\"has-urbanist-font-family\"><strong>Prowadz\u0105cy: <\/strong>dr. Ziemowit Doma\u0144ski<br><strong>Sala:<\/strong> 742, budynek A3<br><strong>Data:<\/strong> 26 listopada 2025<\/p>\n\n\n\n<div class=\"wp-block-buttons is-content-justification-right is-layout-flex wp-container-core-buttons-is-layout-73554213 wp-block-buttons-is-layout-flex\" style=\"padding-top:var(--wp--preset--spacing--10);padding-bottom:var(--wp--preset--spacing--10)\">\n<div class=\"wp-block-button\"><a class=\"wp-block-button__link wp-element-button\">Notakta wkr\u00f3tce<\/a><\/div>\n<\/div>\n<\/div>\n<\/div>\n<\/div><\/div>\n\n<\/li><\/ul><\/div>\n<\/div>\n\n\n\n<div class=\"wp-block-group has-global-padding is-layout-constrained wp-block-group-is-layout-constrained\" style=\"min-height:0px;padding-top:var(--wp--preset--spacing--10);padding-bottom:var(--wp--preset--spacing--10)\">\n<div class=\"wp-block-buttons is-content-justification-center is-layout-flex wp-container-core-buttons-is-layout-a89b3969 wp-block-buttons-is-layout-flex\">\n<div class=\"wp-block-button is-style-fill\"><a class=\"wp-block-button__link has-contrast-color has-accent-background-color has-text-color has-background has-link-color has-border-color has-urbanist-font-family has-custom-font-size wp-element-button\" href=\"\/index.php\/wyklady\" style=\"border-color:#2d2d2d;border-width:3px;border-radius:10px;padding-top:10px;padding-right:18px;padding-bottom:10px;padding-left:18px;font-size:clamp(14px, 0.875rem + ((1vw - 3.2px) * 0.208), 16px);\"><strong>Zobacz wszystkie wyk\u0142ady<\/strong><\/a><\/div>\n<\/div>\n<\/div>\n\n\n\n<div style=\"height:1.25rem\" aria-hidden=\"true\" class=\"wp-block-spacer\"><\/div>\n<\/div>\n\n\n\n<div class=\"wp-block-group alignfull has-global-padding is-content-justification-center is-layout-constrained wp-block-group-is-layout-constrained\" style=\"margin-top:0;margin-bottom:0;padding-top:var(--wp--preset--spacing--40);padding-bottom:var(--wp--preset--spacing--40)\">\n<div class=\"wp-block-group alignwide is-layout-grid wp-container-core-group-is-layout-507a8e2c wp-block-group-is-layout-grid\">\n<figure class=\"wp-block-image size-full has-custom-border wp-container-content-fb931021\"><img loading=\"lazy\" decoding=\"async\" width=\"960\" height=\"720\" src=\"https:\/\/kolomatematykow.wordpress.com\/wp-content\/uploads\/2025\/10\/gal1.jpg\" alt=\"\" class=\"has-border-color wp-image-17\" style=\"border-color:#e4e4e4;border-width:4px;border-radius:10px;aspect-ratio:1;object-fit:cover\" srcset=\"https:\/\/msknmatematykow.put.poznan.pl\/wp-content\/uploads\/2025\/10\/gal1.jpg 960w, https:\/\/msknmatematykow.put.poznan.pl\/wp-content\/uploads\/2025\/10\/gal1-300x225.jpg 300w, https:\/\/msknmatematykow.put.poznan.pl\/wp-content\/uploads\/2025\/10\/gal1-768x576.jpg 768w\" sizes=\"auto, (max-width: 960px) 100vw, 960px\" \/><\/figure>\n\n\n\n<figure class=\"wp-block-image size-full has-custom-border wp-container-content-574e1f9d\"><img loading=\"lazy\" decoding=\"async\" width=\"960\" height=\"720\" src=\"https:\/\/kolomatematykow.wordpress.com\/wp-content\/uploads\/2025\/10\/gal4.jpg\" alt=\"\" class=\"has-border-color wp-image-20\" style=\"border-color:#e4e4e4;border-width:4px;border-radius:10px;aspect-ratio:1;object-fit:cover\" srcset=\"https:\/\/msknmatematykow.put.poznan.pl\/wp-content\/uploads\/2025\/10\/gal4.jpg 960w, https:\/\/msknmatematykow.put.poznan.pl\/wp-content\/uploads\/2025\/10\/gal4-300x225.jpg 300w, https:\/\/msknmatematykow.put.poznan.pl\/wp-content\/uploads\/2025\/10\/gal4-768x576.jpg 768w\" sizes=\"auto, (max-width: 960px) 100vw, 960px\" \/><\/figure>\n\n\n\n<figure class=\"wp-block-image size-full has-custom-border wp-container-content-574e1f9d\"><img loading=\"lazy\" decoding=\"async\" width=\"640\" height=\"960\" src=\"https:\/\/kolomatematykow.wordpress.com\/wp-content\/uploads\/2025\/10\/gall3.jpg\" alt=\"\" class=\"has-border-color wp-image-19\" style=\"border-color:#e4e4e4;border-width:4px;border-radius:10px;aspect-ratio:1;object-fit:cover\" srcset=\"https:\/\/msknmatematykow.put.poznan.pl\/wp-content\/uploads\/2025\/10\/gall3.jpg 640w, https:\/\/msknmatematykow.put.poznan.pl\/wp-content\/uploads\/2025\/10\/gall3-200x300.jpg 200w\" sizes=\"auto, (max-width: 640px) 100vw, 640px\" \/><\/figure>\n<\/div>\n<\/div>\n\n\n\n<div class=\"wp-block-group alignfull has-base-color has-contrast-background-color has-text-color has-background has-global-padding is-layout-constrained wp-container-core-group-is-layout-ef3d885c wp-block-group-is-layout-constrained\" style=\"margin-top:0;margin-bottom:0;padding-top:var(--wp--preset--spacing--60);padding-right:var(--wp--preset--spacing--60);padding-bottom:var(--wp--preset--spacing--60);padding-left:var(--wp--preset--spacing--60)\">\n<div class=\"wp-block-group has-global-padding is-layout-constrained wp-container-core-group-is-layout-cb9c5c10 wp-block-group-is-layout-constrained\" style=\"padding-right:0;padding-left:0\">\n<p class=\"has-text-align-center has-base-color has-text-color has-heading-font-family has-x-large-font-size\" style=\"line-height:1.2\"><em>\u201cIn mathematics, the art of proposing a question must be held of higher value than solving it.\u201d<\/em><\/p>\n\n\n\n<div style=\"height:var(--wp--preset--spacing--10)\" aria-hidden=\"true\" class=\"wp-block-spacer\"><\/div>\n\n\n\n<div class=\"wp-block-group is-vertical is-content-justification-center is-nowrap is-layout-flex wp-container-core-group-is-layout-2dc08cea wp-block-group-is-layout-flex\">\n<figure class=\"wp-block-image aligncenter size-thumbnail is-resized has-custom-border\"><img loading=\"lazy\" decoding=\"async\" width=\"1184\" height=\"1600\" src=\"https:\/\/kolomatematykow.wordpress.com\/wp-content\/uploads\/2025\/10\/georg_cantor_portrat.jpg?w=111\" alt=\"\" class=\"wp-image-21\" style=\"border-radius:100px;aspect-ratio:1;object-fit:cover;width:60px\" srcset=\"https:\/\/msknmatematykow.put.poznan.pl\/wp-content\/uploads\/2025\/10\/georg_cantor_portrat.jpg 1184w, https:\/\/msknmatematykow.put.poznan.pl\/wp-content\/uploads\/2025\/10\/georg_cantor_portrat-222x300.jpg 222w, https:\/\/msknmatematykow.put.poznan.pl\/wp-content\/uploads\/2025\/10\/georg_cantor_portrat-758x1024.jpg 758w, https:\/\/msknmatematykow.put.poznan.pl\/wp-content\/uploads\/2025\/10\/georg_cantor_portrat-768x1038.jpg 768w, https:\/\/msknmatematykow.put.poznan.pl\/wp-content\/uploads\/2025\/10\/georg_cantor_portrat-1137x1536.jpg 1137w\" sizes=\"auto, (max-width: 1184px) 100vw, 1184px\" \/><\/figure>\n\n\n\n<p class=\"has-text-align-center\" style=\"margin-top:var(--wp--preset--spacing--10);margin-bottom:0\"><em>Georg Cantor<\/em><\/p>\n<\/div>\n<\/div>\n<\/div>\n\n\n\n<div class=\"wp-block-group alignfull has-background has-global-padding is-layout-constrained wp-container-core-group-is-layout-669513ed wp-block-group-is-layout-constrained\" style=\"background-color:#ebebeb;margin-top:0;margin-bottom:0;padding-top:var(--wp--preset--spacing--50);padding-right:var(--wp--preset--spacing--50);padding-bottom:var(--wp--preset--spacing--50);padding-left:var(--wp--preset--spacing--50)\">\n<div class=\"wp-block-group is-vertical is-content-justification-center is-layout-flex wp-container-core-group-is-layout-b42458f4 wp-block-group-is-layout-flex\" style=\"margin-top:0;margin-bottom:0\">\n<h2 class=\"wp-block-heading has-text-align-center has-xx-large-font-size\">Poznaj zarz\u0105d ko\u0142a matematyk\u00f3w<\/h2>\n\n\n\n<p class=\"has-text-align-center\">Ko\u0142o Matematyk\u00f3w dzia\u0142a dzi\u0119ki zaanga\u017cowaniu swojego zarz\u0105du. To w\u0142a\u015bnie oni dbaj\u0105 o organizacj\u0119 spotka\u0144, warsztat\u00f3w i konkurs\u00f3w, a tak\u017ce reprezentuj\u0105 nasz\u0105 spo\u0142eczno\u015b\u0107. Oto sk\u0142ad zarz\u0105du w obecnej kadencji.<\/p>\n<\/div>\n\n\n\n<div style=\"height:var(--wp--preset--spacing--30)\" aria-hidden=\"true\" class=\"wp-block-spacer\"><\/div>\n\n\n\n<div class=\"wp-block-columns alignwide is-layout-flex wp-container-core-columns-is-layout-4935966c wp-block-columns-is-layout-flex\" style=\"padding-right:0;padding-left:0\">\n<div class=\"wp-block-column is-layout-flow wp-block-column-is-layout-flow\">\n<figure class=\"wp-block-image size-full is-style-rounded is-style-rounded--2\"><img loading=\"lazy\" decoding=\"async\" width=\"1031\" height=\"1362\" src=\"https:\/\/kolomatematykow.wordpress.com\/wp-content\/uploads\/2025\/10\/d5cc9deb-8143-4c2b-b2ff-1ffb64571a11.jpg\" alt=\"\" class=\"wp-image-298\" style=\"aspect-ratio:1;object-fit:cover\"\/><\/figure>\n\n\n\n<div class=\"wp-block-group is-vertical is-content-justification-center is-nowrap is-layout-flex wp-container-core-group-is-layout-c7efdc90 wp-block-group-is-layout-flex\" style=\"margin-top:var(--wp--preset--spacing--10);margin-bottom:var(--wp--preset--spacing--10)\">\n<p class=\"has-text-align-center has-small-font-size\"><strong>Jan Boczkowski<\/strong><\/p>\n\n\n\n<p class=\"has-text-align-center has-small-font-size\">Wiceprzewodnicz\u0105cy MKNM<\/p>\n<\/div>\n<\/div>\n\n\n\n<div class=\"wp-block-column is-layout-flow wp-block-column-is-layout-flow\">\n<figure class=\"wp-block-image size-full is-style-rounded is-style-rounded--3\"><img loading=\"lazy\" decoding=\"async\" width=\"791\" height=\"1035\" src=\"https:\/\/kolomatematykow.wordpress.com\/wp-content\/uploads\/2025\/10\/54f6cc7e-3428-4f83-8ddb-50138ca66376.jpg\" alt=\"\" class=\"wp-image-296\" style=\"aspect-ratio:1;object-fit:cover\"\/><\/figure>\n\n\n\n<div class=\"wp-block-group is-vertical is-content-justification-center is-nowrap is-layout-flex wp-container-core-group-is-layout-61d436b5 wp-block-group-is-layout-flex\" style=\"margin-top:var(--wp--preset--spacing--10);margin-bottom:var(--wp--preset--spacing--10)\">\n<p class=\"has-text-align-center has-small-font-size\"><strong>Piotr D\u0119bowski<\/strong><\/p>\n\n\n\n<p class=\"has-text-align-center has-small-font-size\">Przewodnicz\u0105cy MKNM<\/p>\n<\/div>\n<\/div>\n\n\n\n<div class=\"wp-block-column is-layout-flow wp-block-column-is-layout-flow\">\n<figure class=\"wp-block-image size-full is-style-rounded is-style-rounded--4\"><img loading=\"lazy\" decoding=\"async\" width=\"1638\" height=\"2047\" src=\"https:\/\/kolomatematykow.wordpress.com\/wp-content\/uploads\/2025\/10\/6c8fe775-dab1-43b8-a22d-ec8200c46adb.jpg\" alt=\"\" class=\"wp-image-297\" style=\"aspect-ratio:1;object-fit:cover\"\/><\/figure>\n\n\n\n<div class=\"wp-block-group is-vertical is-content-justification-center is-nowrap is-layout-flex wp-container-core-group-is-layout-61d436b5 wp-block-group-is-layout-flex\" style=\"margin-top:var(--wp--preset--spacing--10);margin-bottom:var(--wp--preset--spacing--10)\">\n<p class=\"has-text-align-center has-small-font-size\"><strong>Zofia Kuchta<\/strong><\/p>\n\n\n\n<p class=\"has-text-align-center has-small-font-size\">Sekretarz MKNM<\/p>\n<\/div>\n<\/div>\n<\/div>\n<\/div>\n<\/main>\n\n\n","protected":false},"excerpt":{"rendered":"<p>Mi\u0119dzywydzia\u0142owe Ko\u0142o Naukowe Matematyk\u00f3w Politechniki Pozna\u0144skiej Do\u0142\u0105cz do nas \u2014 je\u015bli lubisz my\u015ble\u0107 nieszablonowo i nie boisz si\u0119 zera dzielonego przez entuzjazm! O naszym kole W Kole Naukowym Matematyk\u00f3w tworzymy przestrze\u0144 dla os\u00f3b, kt\u00f3re chc\u0105 zrozumie\u0107 wi\u0119cej ni\u017c to, co wida\u0107 w notatkach z wyk\u0142ad\u00f3w.Spotykamy si\u0119, by dyskutowa\u0107, odkrywa\u0107 i popularyzowa\u0107 matematyk\u0119 \u2014 od \ud835\udfb9 [&hellip;]<\/p>\n","protected":false},"author":1,"featured_media":0,"parent":0,"menu_order":0,"comment_status":"closed","ping_status":"closed","template":"","meta":{"footnotes":""},"class_list":["post-301","page","type-page","status-publish","hentry"],"_links":{"self":[{"href":"https:\/\/msknmatematykow.put.poznan.pl\/index.php\/wp-json\/wp\/v2\/pages\/301","targetHints":{"allow":["GET"]}}],"collection":[{"href":"https:\/\/msknmatematykow.put.poznan.pl\/index.php\/wp-json\/wp\/v2\/pages"}],"about":[{"href":"https:\/\/msknmatematykow.put.poznan.pl\/index.php\/wp-json\/wp\/v2\/types\/page"}],"author":[{"embeddable":true,"href":"https:\/\/msknmatematykow.put.poznan.pl\/index.php\/wp-json\/wp\/v2\/users\/1"}],"replies":[{"embeddable":true,"href":"https:\/\/msknmatematykow.put.poznan.pl\/index.php\/wp-json\/wp\/v2\/comments?post=301"}],"version-history":[{"count":23,"href":"https:\/\/msknmatematykow.put.poznan.pl\/index.php\/wp-json\/wp\/v2\/pages\/301\/revisions"}],"predecessor-version":[{"id":416,"href":"https:\/\/msknmatematykow.put.poznan.pl\/index.php\/wp-json\/wp\/v2\/pages\/301\/revisions\/416"}],"wp:attachment":[{"href":"https:\/\/msknmatematykow.put.poznan.pl\/index.php\/wp-json\/wp\/v2\/media?parent=301"}],"curies":[{"name":"wp","href":"https:\/\/api.w.org\/{rel}","templated":true}]}}